{"id":5656903,"date":"2017-11-13T07:52:49","date_gmt":"2017-11-13T07:52:49","guid":{"rendered":"http:\/\/cabedo.com\/equipo\/"},"modified":"2026-05-05T15:11:39","modified_gmt":"2026-05-05T13:11:39","slug":"equip","status":"publish","type":"page","link":"https:\/\/cabedo.com\/ca\/equip\/","title":{"rendered":"El nostre equip"},"content":{"rendered":"<div class=\"wpb-content-wrapper\">[vc_row full_width=&#8221;stretch_row&#8221; css=&#8221;.vc_custom_1502793959849{background-color: #f9f9f9 !important;}&#8221;][vc_column offset=&#8221;vc_hidden-lg vc_hidden-md vc_hidden-sm vc_hidden-xs&#8221;][vc_empty_space height=&#8221;90px&#8221; el_class=&#8221;norebro-phone-space&#8221;]<div class=\"norebro-heading-sc heading text-left\"\n\tid=\"norebro-custom-6a99515d835d0\" \n\t \n\t>\n\t\n\t\n\t\n\t<h3 class=\"title\">\n\t\tNuestro equipo\t<\/h3>\n\n\t\n\t\t\t<p class=\"subtitle\">\n\t\t\t\t\t<\/p>\n\t\t\n<\/div>[\/vc_column][\/vc_row][vc_row full_width=&#8221;stretch_row&#8221; css=&#8221;.vc_custom_1571912464477{padding-top: 10% !important;background-color: #f9f9f9 !important;}&#8221;][vc_column][vc_empty_space height=&#8221;50px&#8221;][vc_row_inner][vc_column_inner width=&#8221;1\/2&#8243;]<div class=\"norebro-heading-sc heading text-left\"\n\tid=\"norebro-custom-6a99515d83964\" \n\t data-aos=\"fade-down\" \n\t>\n\t\n\t\n\t\n\t<h3 class=\"title\">\n\t\tRodrigo Cabedo Gregori\t<\/h3>\n\n\t\n\t\t\t<p class=\"subtitle\">\n\t\t\tsocio fundador de Cabedo Abogados y Economistas Asociados, S.L. y de Doble C Concursal, S.L.\t\t<\/p>\n\t\t\n<\/div><div class=\"norebro-text-sc \" \n\tid=\"norebro-custom-6a99515d83b36\" \n\t data-aos=\"fade-down\" \n\t>\n\n\t<p>\u00c9s Doctor en Economia amb menci\u00f3 Cum Laude per la Universitat Europea del Principat d\u2019Andorra i Doctor Agregat de la Facultat de Dret i Ci\u00e8ncies Socials de la mateixa Universitat Europea.<\/p>\n<p>A m\u00e9s, \u00e9s Llicenciat en Economia, Ci\u00e8ncies Empresarials i Dret; MBA per l\u2019Escola d\u2019Administraci\u00f3 i Direcci\u00f3 d\u2019Empreses de Barcelona (EAE-UPC), actualment est\u00e0 treballant en la seva tesi doctoral en economia sobre la prova pericial econ\u00f2mica.<\/p>\n<p>\u00c9s advocat de l\u2019Il\u00b7lustre Col\u00b7legi d\u2019Advocats de Barcelona, economista, auditor censor jurat de comptes (n\u00fam. 17.017 ROAC), perit judicial i administrador concursal. \u00c9s membre de la Comissi\u00f3 Mercantil, Concursal i d\u2019Experts Judicials del Col\u00b7legi d\u2019Economistes de Catalunya. Forma part del consell directiu del REFOR (Experts en Economia Forense) dependent del Consell General d\u2019Economistes d\u2019Espanya i \u00e9s membre de la Comissi\u00f3 Directiva d\u2019Experts Comptables Acreditats del Col\u00b7legi d\u2019Economistes de Catalunya i del Col\u00b7legi de Censors Jurats de Comptes de Catalunya.<\/p>\n<p>Ha impartit doc\u00e8ncia a la Universitat Camilo Jos\u00e9 Cela de Madrid, aix\u00ed com al M\u00e0ster en Dret Concursal organitzat pel Col\u00b7legi d\u2019Advocats de Barcelona. Ha participat en nombrosos seminaris sobre Dret concursal i la prova econ\u00f2mica en el marc dels principals col\u00b7legis professionals d\u2019Espanya.<\/p>\n<p>Aix\u00ed mateix, \u00e9s professor a la Universitat de Barcelona (UB) del M\u00e0ster de Gestoria Administrativa aix\u00ed com a l\u2019Escola de Pr\u00e0ctica Jur\u00eddica de la Complutense de Madrid per al Diploma d\u2019Alta Especialitzaci\u00f3 en Reestructuraci\u00f3 d\u2019Empreses en Crisi.<\/p>\n\t\n<\/div><div class=\"norebro-socialbar-sc socialbar  text-left new-tab-links outline social-column-1 shadow small brand\" \n\tid=\"norebro-custom-6a99515d83da8\" \n\t data-aos=\"flip-down\" \n\t>\n\n\t\n\t\n\t\n\t\n\t\t\t<a href=\" https:\/\/www.linkedin.com\/in\/rodrigo-cabedo-gregori-31452216\/?originalSubdomain=es\" target=\"_blank\" class=\"linkedin\">\n\t\t\t\t\t\t<i class=\"fab fa-linkedin\"><\/i>\n\t\t\t\t\t\t\t\t<\/a>\n\t\n\t\n\t\n\t\n\t\n\t\n\t\n\t\n\t\n\t\n\t\n\t\n\t\n\t\n\t<\/div>[\/vc_column_inner][vc_column_inner width=&#8221;1\/2&#8243;][vc_single_image image=&#8221;5657040&#8243; img_size=&#8221;433&#215;650&#8243; alignment=&#8221;right&#8221;][\/vc_column_inner][\/vc_row_inner][vc_row_inner css=&#8221;.vc_custom_1588752909758{padding-top: 5% !important;}&#8221;][vc_column_inner width=&#8221;1\/2&#8243;][vc_single_image image=&#8221;5658765&#8243; img_size=&#8221;433&#215;650&#8243;][\/vc_column_inner][vc_column_inner width=&#8221;1\/2&#8243;]<div class=\"norebro-heading-sc heading text-left\"\n\tid=\"norebro-custom-6a99515d842ab\" \n\t data-aos=\"fade-down\" \n\t>\n\t\n\t\n\t\n\t<h3 class=\"title\">\n\t\tJacinto Gimeno Valent\u00edn-Gamazo\t<\/h3>\n\n\t\n\t\t\t<p class=\"subtitle\">\n\t\t\t\t\t<\/p>\n\t\t\n<\/div><div class=\"norebro-text-sc \" \n\tid=\"norebro-custom-6a99515d844bf\" \n\t data-aos=\"fade-down\" \n\t>\n\n\t<p>Llicenciat en dret per la Universitat de Barcelona i col\u00b7legiat amb el n\u00famero 14.440 de l&#8217;Il\u00b7lustre del Col\u00b7legi d&#8217;Advocats de Barcelona.<\/p>\n<p>&nbsp;<\/p>\n<p>Ha dedicat la seva activitat professional des de l&#8217;any 1983 a la defensa de m\u00faltiples causes als \u00e0mbits del dret mercantil, civil i laboral davant els diversos tribunals i inst\u00e0ncies nacionals i europeus.<\/p>\n<p>&nbsp;<\/p>\n<p>Lletrat assessor de diversos consells d&#8217;administraci\u00f3 i dilatada experi\u00e8ncia en la resoluci\u00f3 de conflictes societaris.<\/p>\n<p>&nbsp;<\/p>\n<p>Exerceix les funcions d&#8217;administrador concursal des de l&#8217;any 2005 que compatibilitza amb l&#8217;assessorament empreses en situaci\u00f3 d&#8217;insolv\u00e8ncia, refinan\u00e7aments, reestructuracions i adquisicions.<\/p>\n<p>&nbsp;<\/p>\n<p>La seva activitat docent ha estat desenvolupada en l&#8217;\u00e0mbit del dret mercantil i concursal a la Universitat CEU Abad Oliva a Barcelona, \u200b\u200bcodirigint i coordinant programa de cursos presencials d&#8217;especialitzaci\u00f3 en dret concursal, classes de grau i postgrau de dret mercantil i dirigint tesis d&#8217;aquesta especialitat.<\/p>\n\t\n<\/div>[\/vc_column_inner][\/vc_row_inner][vc_empty_space height=&#8221;20px&#8221;][vc_row_inner css=&#8221;.vc_custom_1594811390610{padding-top: 5% !important;}&#8221;][vc_column_inner width=&#8221;2\/3&#8243;]<div class=\"norebro-heading-sc heading text-left\"\n\tid=\"norebro-custom-6a99515d845b1\" \n\t data-aos=\"fade-down\" \n\t>\n\t\n\t\n\t\n\t<h3 class=\"title\">\n\t\tMar\u00eda Grande Bustos\t<\/h3>\n\n\t\n\t\t\t<p class=\"subtitle\">\n\t\t\t\t\t<\/p>\n\t\t\n<\/div><div class=\"norebro-text-sc \" \n\tid=\"norebro-custom-6a99515d84734\" \n\t data-aos=\"fade-down\" \n\t>\n\n\t<p>\u00e9s llicenciada en Ci\u00e8ncies Econ\u00f2miques i Empresarials per la Universitat Complutense de Madrid a l&#8217;especialitat de Ci\u00e8ncies Actuarials i m\u00e0ster en Auditoria de Comptes pel Registre d&#8217;Economistes Auditors. A m\u00e9s, ha cursat el Programa de Desenvolupament de Directius a IESE Business School.<\/p>\n<p>&nbsp;<\/p>\n<p>Economista, actu\u00e0ria, auditora de comptes inscrita al Registre Oficial d&#8217;Auditors de Comptes n\u00fam. de ROAC 20770, p\u00e8rit judicial i administradora concursal.<\/p>\n<p>&nbsp;<\/p>\n<p>\u00c9s experta i titular del departament encarregat de la confecci\u00f3 d&#8217;Informes econ\u00f2mics comptables de projectes R+D+i i, en particular, auditories de justificaci\u00f3 de subvencions i ajuts p\u00fablics (Cdti, SEI, Reindus, Avan\u00e7a, Feder\u2026), aix\u00ed com en avaluacions econ\u00f2miques en processos de certificaci\u00f3.<\/p>\n\t\n<\/div>[\/vc_column_inner][vc_column_inner width=&#8221;1\/3&#8243;][vc_single_image image=&#8221;5657594&#8243; img_size=&#8221;500&#215;644&#8243; alignment=&#8221;right&#8221;][\/vc_column_inner][\/vc_row_inner][vc_empty_space height=&#8221;40px&#8221;]<div class=\"norebro-team-members-group-sc team-member cover column-3\" \n\tdata-norebro-cover-box=\"true\"\n\tid=\"argenta-custom-6a99515d847f9\"\n\t data-aos=\"fade-down\" \n\t>\n\n\t<div id=\"norebro-custom-6a99515d84f3c\" \n\tclass=\"cover-content\" \n\tdata-item=\"true\">\n\n\t<div class=\"content-center\">\n\t\t<div class=\"wrap\">\n\t\t\t<h3 class=\"title\">Alicia Qiu<\/h3>\n\t\t\t<p class=\"subtitle uppercase\">Departament de serveis a la comunitat xinesa<\/p>\n\t\t\t<p class=\"description\"><\/p>\n\n\t\t\t\n\t\t\t\t\t<\/div>\n\t<\/div>\n\n<\/div>\n\n<div class=\"image-wrap vc_col-sm-3\" data-trigger=\"true\">\n\t<div class=\"vc_row\">\n\t\t\t\t<img decoding=\"async\" src=\"https:\/\/cabedo.com\/wp-content\/uploads\/2021\/04\/cabedo-servicios-legales.jpg\" alt=\"Alicia Qiu\">\n\t\t\t<\/div>\n<\/div><div id=\"norebro-custom-6a99515d855a1\" \n\tclass=\"cover-content\" \n\tdata-item=\"true\">\n\n\t<div class=\"content-center\">\n\t\t<div class=\"wrap\">\n\t\t\t<h3 class=\"title\">Ana Terradillos<\/h3>\n\t\t\t<p class=\"subtitle uppercase\">Economista auditora<\/p>\n\t\t\t<p class=\"description\"><\/p>\n\n\t\t\t\n\t\t\t\t\t<\/div>\n\t<\/div>\n\n<\/div>\n\n<div class=\"image-wrap vc_col-sm-3\" data-trigger=\"true\">\n\t<div class=\"vc_row\">\n\t\t\t\t<img decoding=\"async\" src=\"https:\/\/cabedo.com\/wp-content\/uploads\/2019\/10\/26A3256-Edit.jpg\" alt=\"Ana Terradillos\">\n\t\t\t<\/div>\n<\/div><div id=\"norebro-custom-6a99515d85992\" \n\tclass=\"cover-content\" \n\tdata-item=\"true\">\n\n\t<div class=\"content-center\">\n\t\t<div class=\"wrap\">\n\t\t\t<h3 class=\"title\">Joan Gonz\u00e1lves<\/h3>\n\t\t\t<p class=\"subtitle uppercase\">Economista i actuari d'assegurances<\/p>\n\t\t\t<p class=\"description\"><\/p>\n\n\t\t\t\n\t\t\t\t\t<\/div>\n\t<\/div>\n\n<\/div>\n\n<div class=\"image-wrap vc_col-sm-3\" data-trigger=\"true\">\n\t<div class=\"vc_row\">\n\t\t\t\t<img decoding=\"async\" src=\"https:\/\/cabedo.com\/wp-content\/uploads\/2020\/05\/Cabedo06.jpg\" alt=\"Joan Gonz\u00e1lves\">\n\t\t\t<\/div>\n<\/div>\n<\/div>[vc_empty_space height=&#8221;20px&#8221;]<div class=\"norebro-team-members-group-sc team-member cover column-2\" \n\tdata-norebro-cover-box=\"true\"\n\tid=\"argenta-custom-6a99515d85a49\"\n\t data-aos=\"fade-down\" \n\t>\n\n\t<div id=\"norebro-custom-6a99515d85ded\" \n\tclass=\"cover-content\" \n\tdata-item=\"true\">\n\n\t<div class=\"content-center\">\n\t\t<div class=\"wrap\">\n\t\t\t<h3 class=\"title\">Guillermo Fern\u00e1ndez<\/h3>\n\t\t\t<p class=\"subtitle uppercase\">Advocat<\/p>\n\t\t\t<p class=\"description\"><\/p>\n\n\t\t\t\n\t\t\t\t\t<\/div>\n\t<\/div>\n\n<\/div>\n\n<div class=\"image-wrap vc_col-sm-3\" data-trigger=\"true\">\n\t<div class=\"vc_row\">\n\t\t\t\t<img decoding=\"async\" src=\"https:\/\/cabedo.com\/wp-content\/uploads\/2019\/10\/Cabedo09.jpg\" alt=\"Guillermo Fern\u00e1ndez\">\n\t\t\t<\/div>\n<\/div><div id=\"norebro-custom-6a99515d861a5\" \n\tclass=\"cover-content\" \n\tdata-item=\"true\">\n\n\t<div class=\"content-center\">\n\t\t<div class=\"wrap\">\n\t\t\t<h3 class=\"title\">Marta Falc\u00f3<\/h3>\n\t\t\t<p class=\"subtitle uppercase\">Advocada i economista<\/p>\n\t\t\t<p class=\"description\"><\/p>\n\n\t\t\t\n\t\t\t\t\t<\/div>\n\t<\/div>\n\n<\/div>\n\n<div class=\"image-wrap vc_col-sm-3\" data-trigger=\"true\">\n\t<div class=\"vc_row\">\n\t\t\t\t<img decoding=\"async\" src=\"https:\/\/cabedo.com\/wp-content\/uploads\/2025\/06\/marta.png\" alt=\"Marta Falc\u00f3\">\n\t\t\t<\/div>\n<\/div>\n<\/div>[vc_empty_space height=&#8221;20px&#8221;]<div class=\"norebro-team-members-group-sc team-member cover column-2\" \n\tdata-norebro-cover-box=\"true\"\n\tid=\"argenta-custom-6a99515d8625b\"\n\t data-aos=\"fade-down\" \n\t>\n\n\t<div id=\"norebro-custom-6a99515d86798\" \n\tclass=\"cover-content\" \n\tdata-item=\"true\">\n\n\t<div class=\"content-center\">\n\t\t<div class=\"wrap\">\n\t\t\t<h3 class=\"title\">Arantxa Pe\u00f1a<\/h3>\n\t\t\t<p class=\"subtitle uppercase\">Administrativa<\/p>\n\t\t\t<p class=\"description\"><\/p>\n\n\t\t\t\n\t\t\t\t\t<\/div>\n\t<\/div>\n\n<\/div>\n\n<div class=\"image-wrap vc_col-sm-3\" data-trigger=\"true\">\n\t<div class=\"vc_row\">\n\t\t\t\t<img decoding=\"async\" src=\"https:\/\/cabedo.com\/wp-content\/uploads\/2025\/09\/arantxa.webp\" alt=\"Arantxa Pe\u00f1a\">\n\t\t\t<\/div>\n<\/div><div id=\"norebro-custom-6a99515d86d65\" \n\tclass=\"cover-content\" \n\tdata-item=\"true\">\n\n\t<div class=\"content-center\">\n\t\t<div class=\"wrap\">\n\t\t\t<h3 class=\"title\">Carlos Artigas<\/h3>\n\t\t\t<p class=\"subtitle uppercase\">Economista i Actuari d'Assegurances.<\/p>\n\t\t\t<p class=\"description\"><\/p>\n\n\t\t\t\n\t\t\t\t\t<\/div>\n\t<\/div>\n\n<\/div>\n\n<div class=\"image-wrap vc_col-sm-3\" data-trigger=\"true\">\n\t<div class=\"vc_row\">\n\t\t\t\t<img decoding=\"async\" src=\"https:\/\/cabedo.com\/wp-content\/uploads\/2025\/09\/carlos.webp\" alt=\"Carlos Artigas\">\n\t\t\t<\/div>\n<\/div>\n<\/div>[vc_empty_space height=&#8221;20px&#8221;]<div class=\"norebro-team-members-group-sc team-member cover column-1\" \n\tdata-norebro-cover-box=\"true\"\n\tid=\"argenta-custom-6a99515d86e99\"\n\t data-aos=\"fade-down\" \n\t>\n\n\t<div id=\"norebro-custom-6a99515d86f89\" \n\tclass=\"cover-content\" \n\tdata-item=\"true\">\n\n\t<div class=\"content-center\">\n\t\t<div class=\"wrap\">\n\t\t\t<h3 class=\"title\"><\/h3>\n\t\t\t<p class=\"subtitle uppercase\"><\/p>\n\t\t\t<p class=\"description\"><\/p>\n\n\t\t\t\n\t\t\t\t\t<\/div>\n\t<\/div>\n\n<\/div>\n\n<div class=\"image-wrap vc_col-sm-3\" data-trigger=\"true\">\n\t<div class=\"vc_row\">\n\t\t\t<\/div>\n<\/div>\n<\/div>[\/vc_column][vc_column][vc_empty_space height=&#8221;100px&#8221;][\/vc_column][\/vc_row][vc_row full_width=&#8221;stretch_row&#8221; css=&#8221;.vc_custom_1571657210222{background-color: #7d2027 !important;}&#8221;][vc_column css=&#8221;.vc_custom_1502797545967{padding-top: 0px !important;}&#8221;]<div class=\"norebro-cta-sc call-to-action\"\n\tid=\"norebro-custom-6a99515d8711c\"\n\t \n\t>\n\n\t<div class=\"content-center\">\n\t\t<div class=\"wrap\">\n\t\t\t<h3 class=\"title\">\n\t\t\t\t\u00bfQuieres trabajar con nosotros?\t\t\t<\/h3>\n\t\t\t\t\t\t\t<p class=\"subtitle\">\n\t\t\t\t\t\u00a1M\u00e1ndanos tu CV!\t\t\t\t<\/p>\n\t\t\t\t\t<\/div>\n\n\t\t<div class=\"wrap\">\n\t\t\t<a href=\"mailto:administracion@cabedo.com\" \n\t\t\tclass=\"btn btn-white btn-outline\">\n\t\t\t\t\t\t\t\t\t<span class=\"icon ion-android-arrow-forward\"><\/span>\n\t\t\t\t\t\t\t\t\n\t\t\t\t<span class=\"text\">Join our Team<\/span>\n\t\t\t\t\n\t\t\t\t\t\t\t<\/a>\n\t\t<\/div>\n\t<\/div>\n\n<\/div>[\/vc_column][\/vc_row]\n<\/div>","protected":false},"excerpt":{"rendered":"<p>[vc_row full_width=&#8221;stretch_row&#8221; css=&#8221;.vc_custom_1502793959849{background-color: #f9f9f9 !important;}&#8221;][vc_column offset=&#8221;vc_hidden-lg vc_hidden-md vc_hidden-sm vc_hidden-xs&#8221;][vc_empty_space height=&#8221;90px&#8221; el_class=&#8221;norebro-phone-space&#8221;][\/vc_column][\/vc_row][vc_row full_width=&#8221;stretch_row&#8221; css=&#8221;.vc_custom_1571912464477{padding-top: 10%&#8230;<\/p>\n","protected":false},"author":1,"featured_media":0,"parent":0,"menu_order":0,"comment_status":"closed","ping_status":"closed","template":"","meta":{"footnotes":""},"class_list":["post-5656903","page","type-page","status-publish","hentry"],"yoast_head":"<!-- This site is optimized with the Yoast SEO plugin v25.2 - https:\/\/yoast.com\/wordpress\/plugins\/seo\/ -->\n<title>El nostre equip - Cabedo<\/title>\n<meta name=\"robots\" content=\"index, follow, max-snippet:-1, max-image-preview:large, max-video-preview:-1\" \/>\n<link rel=\"canonical\" href=\"https:\/\/cabedo.com\/ca\/equip\/\" \/>\n<meta property=\"og:locale\" content=\"ca_ES\" \/>\n<meta property=\"og:type\" content=\"article\" \/>\n<meta property=\"og:title\" content=\"El nostre equip - Cabedo\" \/>\n<meta property=\"og:description\" content=\"[vc_row full_width=&#8221;stretch_row&#8221; css=&#8221;.vc_custom_1502793959849{background-color: #f9f9f9 !important;}&#8221;][vc_column offset=&#8221;vc_hidden-lg vc_hidden-md vc_hidden-sm vc_hidden-xs&#8221;][vc_empty_space height=&#8221;90px&#8221; el_class=&#8221;norebro-phone-space&#8221;][\/vc_column][\/vc_row][vc_row full_width=&#8221;stretch_row&#8221; css=&#8221;.vc_custom_1571912464477{padding-top: 10%...\" \/>\n<meta property=\"og:url\" content=\"https:\/\/cabedo.com\/ca\/equip\/\" \/>\n<meta property=\"og:site_name\" content=\"Cabedo\" \/>\n<meta property=\"article:modified_time\" content=\"2026-05-05T13:11:39+00:00\" \/>\n<meta name=\"twitter:card\" content=\"summary_large_image\" \/>\n<meta name=\"twitter:label1\" content=\"Temps estimat de lectura\" \/>\n\t<meta name=\"twitter:data1\" content=\"6 minuts\" \/>\n<script type=\"application\/ld+json\" class=\"yoast-schema-graph\">{\"@context\":\"https:\/\/schema.org\",\"@graph\":[{\"@type\":\"WebPage\",\"@id\":\"https:\/\/cabedo.com\/ca\/equip\/\",\"url\":\"https:\/\/cabedo.com\/ca\/equip\/\",\"name\":\"El nostre equip - Cabedo\",\"isPartOf\":{\"@id\":\"https:\/\/cabedo.com\/#website\"},\"datePublished\":\"2017-11-13T07:52:49+00:00\",\"dateModified\":\"2026-05-05T13:11:39+00:00\",\"breadcrumb\":{\"@id\":\"https:\/\/cabedo.com\/ca\/equip\/#breadcrumb\"},\"inLanguage\":\"ca\",\"potentialAction\":[{\"@type\":\"ReadAction\",\"target\":[\"https:\/\/cabedo.com\/ca\/equip\/\"]}]},{\"@type\":\"BreadcrumbList\",\"@id\":\"https:\/\/cabedo.com\/ca\/equip\/#breadcrumb\",\"itemListElement\":[{\"@type\":\"ListItem\",\"position\":1,\"name\":\"Inicio\",\"item\":\"https:\/\/cabedo.com\/ca\/\"},{\"@type\":\"ListItem\",\"position\":2,\"name\":\"El nostre equip\"}]},{\"@type\":\"WebSite\",\"@id\":\"https:\/\/cabedo.com\/#website\",\"url\":\"https:\/\/cabedo.com\/\",\"name\":\"Cabedo\",\"description\":\"Abogados, economistas y auditores\",\"publisher\":{\"@id\":\"https:\/\/cabedo.com\/#organization\"},\"potentialAction\":[{\"@type\":\"SearchAction\",\"target\":{\"@type\":\"EntryPoint\",\"urlTemplate\":\"https:\/\/cabedo.com\/?s={search_term_string}\"},\"query-input\":{\"@type\":\"PropertyValueSpecification\",\"valueRequired\":true,\"valueName\":\"search_term_string\"}}],\"inLanguage\":\"ca\"},{\"@type\":\"Organization\",\"@id\":\"https:\/\/cabedo.com\/#organization\",\"name\":\"Cabedo Abogados y Economistas\",\"url\":\"https:\/\/cabedo.com\/\",\"logo\":{\"@type\":\"ImageObject\",\"inLanguage\":\"ca\",\"@id\":\"https:\/\/cabedo.com\/#\/schema\/logo\/image\/\",\"url\":\"https:\/\/cabedo.com\/wp-content\/uploads\/2020\/02\/Cabdeo-icono_Mesa-de-trabajo-1.png\",\"contentUrl\":\"https:\/\/cabedo.com\/wp-content\/uploads\/2020\/02\/Cabdeo-icono_Mesa-de-trabajo-1.png\",\"width\":40,\"height\":39,\"caption\":\"Cabedo Abogados y Economistas\"},\"image\":{\"@id\":\"https:\/\/cabedo.com\/#\/schema\/logo\/image\/\"}}]}<\/script>\n<!-- \/ Yoast SEO plugin. -->","yoast_head_json":{"title":"El nostre equip - Cabedo","robots":{"index":"index","follow":"follow","max-snippet":"max-snippet:-1","max-image-preview":"max-image-preview:large","max-video-preview":"max-video-preview:-1"},"canonical":"https:\/\/cabedo.com\/ca\/equip\/","og_locale":"ca_ES","og_type":"article","og_title":"El nostre equip - Cabedo","og_description":"[vc_row full_width=&#8221;stretch_row&#8221; css=&#8221;.vc_custom_1502793959849{background-color: #f9f9f9 !important;}&#8221;][vc_column offset=&#8221;vc_hidden-lg vc_hidden-md vc_hidden-sm vc_hidden-xs&#8221;][vc_empty_space height=&#8221;90px&#8221; el_class=&#8221;norebro-phone-space&#8221;][\/vc_column][\/vc_row][vc_row full_width=&#8221;stretch_row&#8221; css=&#8221;.vc_custom_1571912464477{padding-top: 10%...","og_url":"https:\/\/cabedo.com\/ca\/equip\/","og_site_name":"Cabedo","article_modified_time":"2026-05-05T13:11:39+00:00","twitter_card":"summary_large_image","twitter_misc":{"Temps estimat de lectura":"6 minuts"},"schema":{"@context":"https:\/\/schema.org","@graph":[{"@type":"WebPage","@id":"https:\/\/cabedo.com\/ca\/equip\/","url":"https:\/\/cabedo.com\/ca\/equip\/","name":"El nostre equip - Cabedo","isPartOf":{"@id":"https:\/\/cabedo.com\/#website"},"datePublished":"2017-11-13T07:52:49+00:00","dateModified":"2026-05-05T13:11:39+00:00","breadcrumb":{"@id":"https:\/\/cabedo.com\/ca\/equip\/#breadcrumb"},"inLanguage":"ca","potentialAction":[{"@type":"ReadAction","target":["https:\/\/cabedo.com\/ca\/equip\/"]}]},{"@type":"BreadcrumbList","@id":"https:\/\/cabedo.com\/ca\/equip\/#breadcrumb","itemListElement":[{"@type":"ListItem","position":1,"name":"Inicio","item":"https:\/\/cabedo.com\/ca\/"},{"@type":"ListItem","position":2,"name":"El nostre equip"}]},{"@type":"WebSite","@id":"https:\/\/cabedo.com\/#website","url":"https:\/\/cabedo.com\/","name":"Cabedo","description":"Abogados, economistas y auditores","publisher":{"@id":"https:\/\/cabedo.com\/#organization"},"potentialAction":[{"@type":"SearchAction","target":{"@type":"EntryPoint","urlTemplate":"https:\/\/cabedo.com\/?s={search_term_string}"},"query-input":{"@type":"PropertyValueSpecification","valueRequired":true,"valueName":"search_term_string"}}],"inLanguage":"ca"},{"@type":"Organization","@id":"https:\/\/cabedo.com\/#organization","name":"Cabedo Abogados y Economistas","url":"https:\/\/cabedo.com\/","logo":{"@type":"ImageObject","inLanguage":"ca","@id":"https:\/\/cabedo.com\/#\/schema\/logo\/image\/","url":"https:\/\/cabedo.com\/wp-content\/uploads\/2020\/02\/Cabdeo-icono_Mesa-de-trabajo-1.png","contentUrl":"https:\/\/cabedo.com\/wp-content\/uploads\/2020\/02\/Cabdeo-icono_Mesa-de-trabajo-1.png","width":40,"height":39,"caption":"Cabedo Abogados y Economistas"},"image":{"@id":"https:\/\/cabedo.com\/#\/schema\/logo\/image\/"}}]}},"_links":{"self":[{"href":"https:\/\/cabedo.com\/ca\/wp-json\/wp\/v2\/pages\/5656903","targetHints":{"allow":["GET"]}}],"collection":[{"href":"https:\/\/cabedo.com\/ca\/wp-json\/wp\/v2\/pages"}],"about":[{"href":"https:\/\/cabedo.com\/ca\/wp-json\/wp\/v2\/types\/page"}],"author":[{"embeddable":true,"href":"https:\/\/cabedo.com\/ca\/wp-json\/wp\/v2\/users\/1"}],"replies":[{"embeddable":true,"href":"https:\/\/cabedo.com\/ca\/wp-json\/wp\/v2\/comments?post=5656903"}],"version-history":[{"count":56,"href":"https:\/\/cabedo.com\/ca\/wp-json\/wp\/v2\/pages\/5656903\/revisions"}],"predecessor-version":[{"id":5659831,"href":"https:\/\/cabedo.com\/ca\/wp-json\/wp\/v2\/pages\/5656903\/revisions\/5659831"}],"wp:attachment":[{"href":"https:\/\/cabedo.com\/ca\/wp-json\/wp\/v2\/media?parent=5656903"}],"curies":[{"name":"wp","href":"https:\/\/api.w.org\/{rel}","templated":true}]}}