{"id":5656974,"date":"2017-08-15T13:05:53","date_gmt":"2017-08-15T13:05:53","guid":{"rendered":"http:\/\/cabedo.com\/servicios-y-areas-practicas\/"},"modified":"2024-11-15T13:39:27","modified_gmt":"2024-11-15T12:39:27","slug":"serveis","status":"publish","type":"page","link":"https:\/\/cabedo.com\/ca\/serveis\/","title":{"rendered":"Serveis i \u00e0rees pr\u00e0ctiques"},"content":{"rendered":"<div class=\"wpb-content-wrapper\">[vc_row full_width=&#8221;stretch_row_content_no_spaces&#8221;][vc_column]\n\t\t\t<!-- START servicios_gen REVOLUTION SLIDER 6.7.20 --><p class=\"rs-p-wp-fix\"><\/p>\n\t\t\t<rs-module-wrap id=\"rev_slider_4_1_wrapper\" data-source=\"gallery\" style=\"visibility:hidden;background:transparent;padding:0;margin:0px auto;margin-top:0;margin-bottom:0;\">\n\t\t\t\t<rs-module id=\"rev_slider_4_1\" style=\"\" data-version=\"6.7.20\">\n\t\t\t\t\t<rs-slides style=\"overflow: hidden; position: absolute;\">\n\t\t\t\t\t\t<rs-slide style=\"position: absolute;\" data-key=\"rs-4\" data-title=\"Slide\" data-anim=\"ms:600;r:0;\" data-in=\"o:0;\" data-out=\"a:false;\">\n\t\t\t\t\t\t\t<img decoding=\"async\" src=\"\/\/cabedo.com\/wp-content\/plugins\/revslider\/sr6\/assets\/assets\/dummy.png\" alt=\"Slide\" title=\"Serveis i \u00e0rees pr\u00e0ctiques\" class=\"rev-slidebg tp-rs-img rs-lazyload\" data-lazyload=\"\/\/cabedo.com\/wp-content\/plugins\/revslider\/sr6\/assets\/assets\/transparent.png\" data-no-retina>\n<!--\n\t\t\t\t\t\t\t--><rs-layer\n\t\t\t\t\t\t\t\tid=\"slider-4-slide-4-layer-2\" \n\t\t\t\t\t\t\t\tdata-type=\"text\"\n\t\t\t\t\t\t\t\tdata-color=\"#ffffff||#ffffff||#7d2027||#7d2027\"\n\t\t\t\t\t\t\t\tdata-rsp_ch=\"on\"\n\t\t\t\t\t\t\t\tdata-xy=\"x:l,l,l,c;xo:580px,580px,65px,0;y:m;yo:-114px,-114px,-261px,-184px;\"\n\t\t\t\t\t\t\t\tdata-text=\"s:50,50,50,40;l:55,55,50,50;fw:800;a:inherit;\"\n\t\t\t\t\t\t\t\tdata-frame_0=\"y:-50px;tp:600;\"\n\t\t\t\t\t\t\t\tdata-frame_1=\"tp:600;st:670;sp:790;sR:670;\"\n\t\t\t\t\t\t\t\tdata-frame_999=\"o:0;tp:600;st:w;sR:7540;\"\n\t\t\t\t\t\t\t\tstyle=\"z-index:8;font-family:'Poppins';\"\n\t\t\t\t\t\t\t>SERVEIS I <br> \u00c0REES PR\u00c0CTIQUES \n\t\t\t\t\t\t\t<\/rs-layer><!--\n\n\t\t\t\t\t\t\t--><rs-layer\n\t\t\t\t\t\t\t\tid=\"slider-4-slide-4-layer-5\" \n\t\t\t\t\t\t\t\tdata-type=\"text\"\n\t\t\t\t\t\t\t\tdata-rsp_ch=\"on\"\n\t\t\t\t\t\t\t\tdata-xy=\"x:r,r,r,c;xo:32px,32px,58px,0;y:m;yo:71px,71px,213px,154px;\"\n\t\t\t\t\t\t\t\tdata-text=\"w:normal;s:16;l:22;fw:300;\"\n\t\t\t\t\t\t\t\tdata-dim=\"w:637px,637px,637px,358px;h:179px,179px,179px,auto;\"\n\t\t\t\t\t\t\t\tdata-margin=\"t:1;r:1;b:1;l:1;\"\n\t\t\t\t\t\t\t\tdata-padding=\"t:1;r:1;b:1;l:1;\"\n\t\t\t\t\t\t\t\tdata-frame_0=\"tp:600;\"\n\t\t\t\t\t\t\t\tdata-frame_1=\"tp:600;st:890;sp:1950;sR:890;\"\n\t\t\t\t\t\t\t\tdata-frame_999=\"o:0;tp:600;st:w;sR:6160;\"\n\t\t\t\t\t\t\t\tstyle=\"z-index:9;font-family:'Rubik';\"\n\t\t\t\t\t\t\t>Oferim un servei integral orientat a les empreses i als particulars, aportant solucions i respostes adequades a les necessitats i les circumst\u00e0ncies de cada un dels nostres clients des del comprom\u00eds i el tracte personalitzat.<BR>\nGr\u00e0cies al nostre equip professional interdisciplinari, tenim un coneixement exhaustiu i una experi\u00e8ncia consolidada en els diferents \u00e0mbits i entorns empresarials. El nostre equip est\u00e0 liderat per Rodrigo Cabedo i els responsables de cada departament, aix\u00ed com l\u2019assist\u00e8ncia en altres mat\u00e8ries ser\u00e0 prestada per professionals especialitzats que treballaran de forma coordinada en l\u2019actuaci\u00f3 i l\u2019estudi de cada cas. \n\t\t\t\t\t\t\t<\/rs-layer><!--\n\n\t\t\t\t\t\t\t--><rs-layer\n\t\t\t\t\t\t\t\tid=\"slider-4-slide-4-layer-6\" \n\t\t\t\t\t\t\t\tclass=\"tp-shape tp-shapewrapper\"\n\t\t\t\t\t\t\t\tdata-type=\"shape\"\n\t\t\t\t\t\t\t\tdata-rsp_ch=\"on\"\n\t\t\t\t\t\t\t\tdata-xy=\"x:r,r,r,c;xo:-3px,-3px,27px,0;y:m;yo:0,0,219px,153px;\"\n\t\t\t\t\t\t\t\tdata-text=\"w:normal;fw:500;a:inherit;\"\n\t\t\t\t\t\t\t\tdata-dim=\"w:698px,698px,698px,431px;h:409,409,409,400px;\"\n\t\t\t\t\t\t\t\tdata-frame_0=\"y:50px;tp:600;\"\n\t\t\t\t\t\t\t\tdata-frame_1=\"tp:600;st:470;sp:1080;sR:470;\"\n\t\t\t\t\t\t\t\tdata-frame_999=\"o:0;tp:600;st:w;sR:7450;\"\n\t\t\t\t\t\t\t\tstyle=\"z-index:7;background-color:#7d2027;\"\n\t\t\t\t\t\t\t> \n\t\t\t\t\t\t\t<\/rs-layer><!--\n\n\t\t\t\t\t\t\t--><rs-layer\n\t\t\t\t\t\t\t\tid=\"slider-4-slide-4-layer-7\" \n\t\t\t\t\t\t\t\tdata-type=\"image\"\n\t\t\t\t\t\t\t\tdata-rsp_ch=\"on\"\n\t\t\t\t\t\t\t\tdata-xy=\"x:l,l,l,c;xo:-109px,-109px,-73px,0;y:m;yo:0,0,-179px,-179px;\"\n\t\t\t\t\t\t\t\tdata-text=\"l:22;a:inherit;\"\n\t\t\t\t\t\t\t\tdata-dim=\"w:900px,900px,900px,537px;h:600px,600px,600px,358px;\"\n\t\t\t\t\t\t\t\tdata-frame_0=\"tp:600;\"\n\t\t\t\t\t\t\t\tdata-frame_1=\"tp:600;sp:1660;sR:10;\"\n\t\t\t\t\t\t\t\tdata-frame_999=\"o:0;tp:600;st:w;sR:7330;\"\n\t\t\t\t\t\t\t\tstyle=\"z-index:5;\"\n\t\t\t\t\t\t\t><img decoding=\"async\" src=\"\/\/cabedo.com\/wp-content\/plugins\/revslider\/sr6\/assets\/assets\/dummy.png\" alt=\"\" class=\"tp-rs-img rs-lazyload\" width=\"900\" height=\"600\" data-lazyload=\"\/\/cabedo.com\/wp-content\/uploads\/2019\/10\/Servicios002.jpg\" data-no-retina> \n\t\t\t\t\t\t\t<\/rs-layer><!--\n\n\t\t\t\t\t\t\t--><rs-layer\n\t\t\t\t\t\t\t\tid=\"slider-4-slide-4-layer-8\" \n\t\t\t\t\t\t\t\tclass=\"tp-shape tp-shapewrapper\"\n\t\t\t\t\t\t\t\tdata-type=\"shape\"\n\t\t\t\t\t\t\t\tdata-rsp_ch=\"on\"\n\t\t\t\t\t\t\t\tdata-xy=\"x:r;xo:7px,7px,41px,7px;y:m;yo:16px,16px,237px,134px;\"\n\t\t\t\t\t\t\t\tdata-text=\"w:normal;fw:500;a:inherit;\"\n\t\t\t\t\t\t\t\tdata-dim=\"w:698px,698px,698px,397px;h:406,406,406,398;\"\n\t\t\t\t\t\t\t\tdata-frame_0=\"y:50px;tp:600;\"\n\t\t\t\t\t\t\t\tdata-frame_1=\"tp:600;st:600;sp:1260;sR:600;\"\n\t\t\t\t\t\t\t\tdata-frame_999=\"o:0;tp:600;st:w;sR:7140;\"\n\t\t\t\t\t\t\t\tstyle=\"z-index:6;background-color:rgba(125,32,39,0.27);\"\n\t\t\t\t\t\t\t> \n\t\t\t\t\t\t\t<\/rs-layer><!--\n-->\t\t\t\t\t<\/rs-slide>\n\t\t\t\t\t<\/rs-slides>\n\t\t\t\t<\/rs-module>\n\t\t\t\t<script>\n\t\t\t\t\tsetREVStartSize({c: 'rev_slider_4_1',rl:[1240,1240,778,480],el:[668,668,960,720],gw:[1240,1240,778,480],gh:[668,668,960,720],type:'standard',justify:'',layout:'fullwidth',mh:\"0\"});if (window.RS_MODULES!==undefined && window.RS_MODULES.modules!==undefined && window.RS_MODULES.modules[\"revslider41\"]!==undefined) {window.RS_MODULES.modules[\"revslider41\"].once = false;window.revapi4 = undefined;if (window.RS_MODULES.checkMinimal!==undefined) window.RS_MODULES.checkMinimal()}\n\t\t\t\t<\/script>\n\t\t\t<\/rs-module-wrap>\n\t\t\t<!-- END REVOLUTION SLIDER -->\n[\/vc_column][\/vc_row][vc_row full_width=&#8221;stretch_row&#8221; equal_height=&#8221;yes&#8221; content_placement=&#8221;top&#8221; css=&#8221;.vc_custom_1575456991147{padding-top: 10% !important;padding-bottom: 10% !important;background-color: #ffffff !important;}&#8221; el_class=&#8221;padding-reset-left padding-reset-right&#8221;][vc_column css_animation=&#8221;fadeInDown&#8221; width=&#8221;1\/2&#8243; css=&#8221;.vc_custom_1730720248370{padding-top: 60px !important;padding-right: 60px !important;padding-bottom: 0px !important;padding-left: 0px !important;}&#8221; el_class=&#8221;creative-info nor-top-layer&#8221; el_id=&#8221;reestructuracio-preventiva&#8221;]<div class=\"norebro-heading-sc heading text-left\"\n\tid=\"norebro-custom-6a98a5beef4c3\" \n\t \n\t>\n\t\n\t\t\t<p class=\"subtitle\">\n\t\t\t\t\t<\/p>\n\t\n\t\n\t<h3 class=\"title subtitle-top\">\n\t\tReestructuraci\u00f3 Preventiva\t<\/h3>\n\n\t\n\t\t\n<\/div><div class=\"norebro-text-sc \" \n\tid=\"norebro-custom-6a98a5beef7cf\" \n\t \n\t>\n\n\t<p class=\"p1\" style=\"text-align: justify;\"><span class=\"s1\">Som especialistes en la reestructuraci\u00f3 econ\u00f2mica de l\u2019empresa. El nostre equip d\u2019economistes i advocats estudia, estructura i proposa plans de viabilitat per a la reestructuraci\u00f3 preventiva de l\u2019empresa, desenvolupant noves estrat\u00e8gies per tal d\u2019evitar dificultats financeres o situacions d\u2019insolv\u00e8ncia, i amb l\u2019objectiu de garantir la viabilitat de l\u2019activitat empresarial i incl\u00fas millorar-la.<\/span><\/p>\n\t\n<\/div>[vc_separator color=&#8221;custom&#8221; border_width=&#8221;2&#8243; accent_color=&#8221;#ffffff&#8221; css=&#8221;.vc_custom_1575456313051{padding-bottom: 20% !important;}&#8221;][\/vc_column][vc_column css_animation=&#8221;fadeInDown&#8221; width=&#8221;1\/2&#8243; css=&#8221;.vc_custom_1731062865467{padding-top: 60px !important;background-position: center !important;background-repeat: no-repeat !important;background-size: cover !important;}&#8221; el_id=&#8221;roac&#8221;]<div class=\"norebro-heading-sc heading text-left\"\n\tid=\"norebro-custom-6a98a5beef908\" \n\t \n\t>\n\t\n\t\t\t<p class=\"subtitle\">\n\t\t\t\t\t<\/p>\n\t\n\t\n\t<h3 class=\"title subtitle-top\">\n\t\tAuditoria (ROAC)\t<\/h3>\n\n\t\n\t\t\n<\/div><div class=\"norebro-text-sc \" \n\tid=\"norebro-custom-6a98a5beef98f\" \n\t \n\t>\n\n\t<p class=\"p1\"><span class=\"s1\">Disposem d\u2019un servei d\u2019auditoria format per professionals economistes rigorosos en l\u2019avaluaci\u00f3 i la formulaci\u00f3 d\u2019una opini\u00f3 objectiva i independent sobre la fiabilitat de la informaci\u00f3 dels estats financers de les companyies que ens permet identificar qualsevol tipus de risc.<\/span><\/p>\n\t\n<\/div><ul class=\"norebro-list-box-sc list-box \" \n\tid=\"norebro-custom-6a98a5beefa07\"\n\t data-aos=\"fade-up\" \n\t>\n\t\n\t\t\t\n\t\t\t\t<li>\n\t\t\t\t\t\t\t<h4 class=\"title\">Auditoria de comptes anuals (obligat\u00f2ria i volunt\u00e0ria)<\/h4>\n\t\t\t\t\t<\/li>\n\t\t\t\t<li>\n\t\t\t\t\t\t\t<h4 class=\"title\">Revisions comptables i investigacions sobre irregularitats comptables<\/h4>\n\t\t\t\t\t<\/li>\n\t\t\t\t<li>\n\t\t\t\t\t\t\t<h4 class=\"title\">Assessorament en la creaci\u00f3 i la millora de les auditories internes<\/h4>\n\t\t\t\t\t<\/li>\n\t\t\n\t\n<\/ul>[\/vc_column][\/vc_row][vc_row full_width=&#8221;stretch_row&#8221; equal_height=&#8221;yes&#8221; content_placement=&#8221;top&#8221; css=&#8221;.vc_custom_1575457200430{padding-top: 10% !important;padding-bottom: 10% !important;background-color: #7d2027 !important;}&#8221; el_class=&#8221;padding-reset-left padding-reset-right&#8221;][vc_column css_animation=&#8221;fadeIn&#8221; width=&#8221;1\/2&#8243; css=&#8221;.vc_custom_1730720296300{padding-top: 50px !important;padding-right: 60px !important;padding-bottom: 0px !important;padding-left: 0px !important;}&#8221; el_class=&#8221;creative-info nor-top-layer&#8221; el_id=&#8221;informes-pericials&#8221;]<div class=\"norebro-heading-sc heading text-left\"\n\tid=\"norebro-custom-6a98a5beefcf0\" \n\t \n\t>\n\t\n\t\t\t<p class=\"subtitle\">\n\t\t\t\t\t<\/p>\n\t\n\t\n\t<h3 class=\"title subtitle-top\">\n\t\tInformes Pericials\t<\/h3>\n\n\t\n\t\t\n<\/div>[vc_empty_space height=&#8221;20px&#8221;]<div class=\"norebro-text-sc \" \n\tid=\"norebro-custom-6a98a5beefd93\" \n\t \n\t>\n\n\t<p class=\"p1\" style=\"text-align: justify;\"><span class=\"s1\" style=\"color: #ffffff;\">Els nostres economistes compaginen l\u2019exercici professional amb l\u2019activitat docent dedicada a la formaci\u00f3 d\u2019altres professionals en Col\u00b7legis especialitzats com el Col\u00b7legi d\u2019Economistes de Catalunya.<span class=\"Apple-converted-space\">\u00a0 <\/span><\/span><\/p>\n<p class=\"p1\" style=\"text-align: justify;\"><span class=\"s1\" style=\"color: #ffffff;\">Som especialistes en:<\/span><\/p>\n\t\n<\/div><ul class=\"norebro-list-box-sc list-box \" \n\tid=\"norebro-custom-6a98a5beefe03\"\n\t data-aos=\"fade-up\" \n\t>\n\t\n\t\t\t\n\t\t\t\t<li>\n\t\t\t\t\t\t\t<h4 class=\"title\">Valoracions d\u2019empreses<\/h4>\n\t\t\t\t\t<\/li>\n\t\t\t\t<li>\n\t\t\t\t\t\t\t<h4 class=\"title\">Due diligence<\/h4>\n\t\t\t\t\t<\/li>\n\t\t\t\t<li>\n\t\t\t\t\t\t\t<h4 class=\"title\">Valoracions pericials: proba econ\u00f2mica en els procediments judicials<\/h4>\n\t\t\t\t\t<\/li>\n\t\t\n\t\n<\/ul>[vc_separator color=&#8221;custom&#8221; border_width=&#8221;2&#8243; accent_color=&#8221;#ffffff&#8221; css=&#8221;.vc_custom_1575456313051{padding-bottom: 20% !important;}&#8221;][\/vc_column][vc_column css_animation=&#8221;fadeInUp&#8221; width=&#8221;1\/2&#8243; css=&#8221;.vc_custom_1730720305538{padding-top: 50px !important;background-position: center !important;background-repeat: no-repeat !important;background-size: cover !important;}&#8221; el_id=&#8221;concursal&#8221;]<div class=\"norebro-heading-sc heading text-left\"\n\tid=\"norebro-custom-6a98a5beefe6b\" \n\t \n\t>\n\t\n\t\t\t<p class=\"subtitle\">\n\t\t\t\t\t<\/p>\n\t\n\t\n\t<h3 class=\"title subtitle-top\">\n\t\tConcursal\t<\/h3>\n\n\t\n\t\t\n<\/div>[vc_empty_space height=&#8221;20px&#8221;]<div class=\"norebro-text-sc \" \n\tid=\"norebro-custom-6a98a5beeff21\" \n\t \n\t>\n\n\t<p class=\"p1\" style=\"text-align: justify;\"><span class=\"s1\" style=\"color: #ffffff;\">Comptem amb un equip de professionals, advocats i economistes, especialistes en dret concursal. Actuem en tant que administradors concursals en nombrosos procediments i en diferents demarcacions judicials, segons ho constaten els registres d\u2019administradors concursals d\u2019aquests col\u00b7legis d\u2019advocats.<\/span><\/p>\n<p class=\"p1\" style=\"text-align: justify;\"><span class=\"s1\" style=\"color: #ffffff;\">Assessorem en cada una de les fases del concurs: des del moment que precedeix a la presentaci\u00f3 del concurs per refinanciaci\u00f3, en la reestructuraci\u00f3 de deutes i la negociaci\u00f3 amb els creditors, fins la seva finalitzaci\u00f3.<\/span><\/p>\n<p class=\"p1\" style=\"text-align: justify;\"><span class=\"s1\" style=\"color: #ffffff;\">Des d\u2019aquesta \u00e0rea pr\u00e0ctica oferim solucions a aquelles persones que es troben en situaci\u00f3 d\u2019insolv\u00e8ncia com a conseq\u00fc\u00e8ncia del sobreendeutament o altres causes que dificulten la seva realitat econ\u00f2mica a trav\u00e9s de la denominada \u201cSegona oportunitat\u201d amb l\u2019exoneraci\u00f3 dels deutes. <\/span><\/p>\n\t\n<\/div>[\/vc_column][\/vc_row][vc_row full_width=&#8221;stretch_row&#8221; equal_height=&#8221;yes&#8221;][vc_column css_animation=&#8221;fadeInUp&#8221; width=&#8221;1\/2&#8243; css=&#8221;.vc_custom_1575465535229{padding-top: 10% !important;padding-right: 10% !important;padding-bottom: 10% !important;}&#8221;][vc_row_inner][vc_column_inner css=&#8221;.vc_custom_1731062944402{padding-top: 60px !important;padding-right: 5% !important;}&#8221; el_id=&#8221;valoracions-immobiliaries&#8221;]<div class=\"norebro-heading-sc heading text-left\"\n\tid=\"norebro-custom-6a98a5beeff83\" \n\t \n\t>\n\t\n\t\n\t\n\t<h3 class=\"title\">\n\t\tValoracions immobili\u00e0ries\t<\/h3>\n\n\t\n\t\t\n<\/div><div class=\"norebro-text-sc \" \n\tid=\"norebro-custom-6a98a5bef0008\" \n\t \n\t>\n\n\t<p class=\"p1\" style=\"text-align: justify;\"><span class=\"s1\">Comptem amb experts en el camp de la taxaci\u00f3 i la gesti\u00f3 de tot tipus d\u2019immobles. <\/span><\/p>\n<p class=\"p1\" style=\"text-align: justify;\"><span class=\"s1\">Oferim la gesti\u00f3 completa dels actius immobiliaris: des del seu desenvolupament fins a l\u2019etapa final. Per aix\u00f2, oferim com a servei, d\u2019acord amb la normativa internacional, la realitzaci\u00f3 de Technical Due Dilligence previ a la compravenda de qualsevol actiu. Tamb\u00e9, la valoraci\u00f3 immobili\u00e0ria de tot tipus d\u2019actius (residencial, industrial, comercial i agrari) tant per a transaccions com per als diferents objectius de la valoraci\u00f3 immobili\u00e0ria (transacci\u00f3, her\u00e8ncia i expropiatori).<\/span><\/p>\n\t\n<\/div>[\/vc_column_inner][\/vc_row_inner][vc_row_inner equal_height=&#8221;yes&#8221;][vc_column_inner el_id=&#8221;mediambient-dret-public&#8221; css=&#8221;.vc_custom_1731062937994{padding-top: 60px !important;}&#8221;][vc_empty_space height=&#8221;15px&#8221;]<div class=\"norebro-heading-sc heading text-left\"\n\tid=\"norebro-custom-6a98a5bef0063\" \n\t \n\t>\n\t\n\t\n\t\n\t<h3 class=\"title\">\n\t\tMedi ambient i dret p\u00fablic\t<\/h3>\n\n\t\n\t\t\n<\/div><div class=\"norebro-text-sc \" \n\tid=\"norebro-custom-6a98a5bef0159\" \n\t \n\t>\n\n\t<p class=\"p1\" style=\"text-align: justify;\"><span class=\"s1\">Aquesta \u00e9s una \u00e0rea pr\u00e0ctica de nova creaci\u00f3 liderada per un enginyer agr\u00f2nom que col\u00b7labora amb lletrats del despatx en l\u2019assessorament t\u00e8cnic en mat\u00e8ria de danys ambientals, en tot tipus de procediments administratius relacionats amb el medi ambient, ja sigui per llic\u00e8ncies o sancions, defensa dels seus interessos davant dels comit\u00e8s sectorials, an\u00e0lisis d\u2019aspectes ambientals en processos de due diligence, etc.<\/span><\/p>\n<p class=\"p1\" style=\"text-align: justify;\"><span class=\"s1\">En refer\u00e8ncia als serveis que podem oferir es poden agrupar en dos \u00e0mbits:<\/span><\/p>\n<ul class=\"ul1\">\n<li class=\"li2\" style=\"text-align: justify;\"><span class=\"s2\">Peritatge de danys \/ p\u00e8rdues per contaminaci\u00f3 del s\u00f2l<\/span><\/li>\n<li class=\"li2\" style=\"text-align: justify;\"><span class=\"s2\">Avaluaci\u00f3 de demandes \/ den\u00fancies per impacte ac\u00fastic<\/span><\/li>\n<li class=\"li2\" style=\"text-align: justify;\"><span class=\"s2\">Avaluaci\u00f3 de demandes \/ den\u00fancies per efectes sobre les persones degut a la qualitat de l\u2019aire<\/span><\/li>\n<li class=\"li2\" style=\"text-align: justify;\"><span class=\"s2\">Peritatge de danys per contaminaci\u00f3 d\u2019aig\u00fces i residus<\/span><\/li>\n<li class=\"li2\" style=\"text-align: justify;\"><span class=\"s2\">Avaluaci\u00f3 de tramitacions ambientals de projectes i obres<\/span><\/li>\n<\/ul>\n\t\n<\/div><div class=\"norebro-text-sc \" \n\tid=\"norebro-custom-6a98a5bef0206\" \n\t \n\t>\n\n\t<p class=\"p1\"><span class=\"s1\">Agricultura:<\/span><\/p>\n<ul class=\"ul1\">\n<li class=\"li3\"><span class=\"s2\">Peritatge de danys a les collites<\/span><\/li>\n<li class=\"li3\"><span class=\"s2\">Valoraci\u00f3 d\u2019expropiacions<\/span><\/li>\n<li class=\"li3\"><span class=\"s2\">Avaluaci\u00f3 de viabilitat de projectes agr\u00edcoles<\/span><\/li>\n<li class=\"li3\"><span class=\"s2\">Previsi\u00f3 de collites<\/span><\/li>\n<\/ul>\n\t\n<\/div>[\/vc_column_inner][\/vc_row_inner][vc_empty_space height=&#8221;30px&#8221; el_class=&#8221;norebro-phone-space&#8221;][\/vc_column][vc_column parallax=&#8221;content-moving&#8221; parallax_image=&#8221;5656667&#8243; css_animation=&#8221;fadeIn&#8221; width=&#8221;1\/2&#8243; css=&#8221;.vc_custom_1575465541755{background-image: url(http:\/\/cabedo.com\/wp-content\/uploads\/2019\/10\/contable02.jpg?id=5656667) !important;background-position: center !important;background-repeat: no-repeat !important;background-size: cover !important;}&#8221;][\/vc_column][\/vc_row][vc_row equal_height=&#8221;yes&#8221; side_background_title_color=&#8221;#ebeff4&#8243; side_background_title_typo=&#8221;font_size~80||letter_spacing~-1||weight~600&#8243; el_class=&#8221;nor-top-layer&#8221;][vc_column css_animation=&#8221;fadeIn&#8221; width=&#8221;1\/2&#8243; css=&#8221;.vc_custom_1588758051003{background-image: url(http:\/\/cabedo.com\/wp-content\/uploads\/2019\/10\/servicios008.jpg?id=5656827) !important;background-position: center !important;background-repeat: no-repeat !important;background-size: cover !important;}&#8221;][\/vc_column][vc_column css_animation=&#8221;none&#8221; width=&#8221;1\/2&#8243; css=&#8221;.vc_custom_1730721407937{padding-top: 10% !important;padding-right: 15% !important;padding-bottom: 10% !important;padding-left: 10% !important;background-color: #7d2027 !important;}&#8221; el_id=&#8221;mercantil&#8221;][vc_empty_space height=&#8221;30px&#8221;]<div class=\"norebro-heading-sc heading text-left\"\n\tid=\"norebro-custom-6a98a5bef0266\" \n\t \n\t>\n\t\n\t\n\t\n\t<h3 class=\"title\">\n\t\tMercantil\t<\/h3>\n\n\t\n\t\t\t<p class=\"subtitle\">\n\t\t\t\t\t<\/p>\n\t\t\n<\/div><div class=\"norebro-text-sc \" \n\tid=\"norebro-custom-6a98a5bef02f3\" \n\t \n\t>\n\n\t<p class=\"p1\" style=\"text-align: justify;\"><span class=\"s1\" style=\"color: #ffffff;\">La nostra \u00e0rea de dret mercantil se centra en proporcionar un assessorament \u00edntegre a nivell societari, independentment de la forma social de l\u2019empresa.<\/span><\/p>\n<p class=\"p1\" style=\"text-align: justify;\"><span class=\"s1\" style=\"color: #ffffff;\">El nostre assessorament compr\u00e8n: la constituci\u00f3 de societats; filials; sucursals; agrupacions d\u2019inter\u00e8s econ\u00f2mic; unions temporals d\u2019empreses; societats an\u00f2nimes europees; cooperatives; fundacions; societats d\u2019economia mixta; transformaci\u00f3, fusi\u00f3, escissi\u00f3, dissoluci\u00f3 i liquidaci\u00f3 de societats, entre d\u2019altres.<\/span><\/p>\n\t\n<\/div><div class=\"norebro-text-sc \" \n\tid=\"norebro-custom-6a98a5bef036a\" \n\t \n\t>\n\n\t<p class=\"p1\" style=\"text-align: justify;\"><span class=\"s1\" style=\"color: #ffffff;\">El comprom\u00eds amb el nostre treball vol implicar tamb\u00e9 al propi client en el proc\u00e9s d\u2019estudi i disseny de les operacions intrasociet\u00e0ries, pactes parasocials, reestructuracions de l\u2019accionariat o en la successi\u00f3 de l\u2019empresa familiar amb la creaci\u00f3 i la formalitzaci\u00f3 de protocols entre socis.<\/span><\/p>\n<p class=\"p1\" style=\"text-align: justify;\"><span class=\"s1\" style=\"color: #ffffff;\">El departament mercantil treballa en col\u00b7laboraci\u00f3 amb les altres \u00e0rees de pr\u00e0ctica del despatx, com la Processal i la Concursal, per prestar un servei i un assessorament conjunt en aquells conflictes de car\u00e0cter societari que poden sorgir dins de qualsevol companyia mercantil i tamb\u00e9 en aquelles situacions d\u2019endeutament o insolv\u00e8ncia.<\/span><\/p>\n\t\n<\/div>[\/vc_column][\/vc_row][vc_row full_width=&#8221;stretch_row&#8221; side_background_title_alignment=&#8221;right&#8221; css=&#8221;.vc_custom_1731063206932{padding-top: % !important;padding-bottom: 5% !important;}&#8221; side_background_title_typo=&#8221;font_size~80||letter_spacing~-1||weight~600&#8243; side_background_title_color=&#8221;#f1f4f8&#8243;][vc_column css_animation=&#8221;fadeIn&#8221; width=&#8221;1\/2&#8243; css=&#8221;.vc_custom_1731063130907{padding-top: 90px !important;padding-right: 5% !important;}&#8221; el_id=&#8221;processal-i-civil&#8221;]<div class=\"norebro-heading-sc heading text-left\"\n\tid=\"norebro-custom-6a98a5bef03c2\" \n\t \n\t>\n\t\n\t\n\t\n\t<h3 class=\"title\">\n\t\tProcessal i civil\t<\/h3>\n\n\t\n\t\t\t<p class=\"subtitle\">\n\t\t\t\t\t<\/p>\n\t\t\n<\/div>[vc_empty_space height=&#8221;30px&#8221;]<div class=\"norebro-text-sc \" \n\tid=\"norebro-custom-6a98a5bef0431\" \n\t \n\t>\n\n\t<p class=\"p1\" style=\"text-align: justify;\"><span class=\"s1\">Proporcionem assessorament i representaci\u00f3 lletrada en procediments mercantils, civils i contenci\u00f3s administratiu, tant si es tracta d\u2019empreses com de particulars, mitjan\u00e7ant una planificaci\u00f3 i un estudi previ de les actuacions en les seg\u00fcents \u00e0rees:<\/span><\/p>\n\t\n<\/div><div class=\"norebro-icon-box-sc icon-box box-left\" \n\tid=\"norebro-custom-6a98a5bef049e\" \n\t data-aos=\"fade-up\" \n\t>\n\n\t<div class=\"icon-wrap\">\n\t\t\t\t\t<span class=\"fa fa-edit\"><\/span>\n\t\t\t<\/div>\n\n\t<div class=\"content-wrap\">\n\n\t\t<div class=\"content-center\">\n\t\t\t<div class=\"wrap\">\n\t\t\t\t<h3>Mercantil<\/h3>\n\t\t\t\t\t\t\t<\/div>\n\t\t<\/div>\n\t\t\n\t\t\n\t\t<p class=\"description\">\n\t\t\tConflictes societaris, conflictes contractuals, aix\u00ed com la interpretaci\u00f3, validesa i execuci\u00f3 dels mateixos; la responsabilitat dels administradors; la impugnaci\u00f3 d\u2019acords socials; i tots aquells conflictes que puguin derivar-se del tr\u00e0fic jur\u00eddic mercantil aix\u00ed com de la compet\u00e8ncia deslleial.\t\t<\/p>\n\n\t\t\n\t\t<\/div>\n\t\t\n<\/div>[\/vc_column][vc_column width=&#8221;1\/2&#8243; css=&#8221;.vc_custom_1731063137133{padding-top: 90px !important;padding-bottom: 10% !important;}&#8221;]<div class=\"norebro-icon-box-sc icon-box box-left\" \n\tid=\"norebro-custom-6a98a5bef0694\" \n\t data-aos=\"fade-up\" \n\t>\n\n\t<div class=\"icon-wrap\">\n\t\t\t\t\t<span class=\"fa fa-balance-scale\"><\/span>\n\t\t\t<\/div>\n\n\t<div class=\"content-wrap\">\n\n\t\t<div class=\"content-center\">\n\t\t\t<div class=\"wrap\">\n\t\t\t\t<h3>Civil<\/h3>\n\t\t\t\t\t\t\t<\/div>\n\t\t<\/div>\n\t\t\n\t\t\n\t\t<p class=\"description\">\n\t\t\tprocediments declaratius o especials per conflictes o incompliments contractuals, ja siguin contractes d\u2019ag\u00e8ncia o distribuci\u00f3; conflictes en relaci\u00f3 amb arrendaments urbans i propietats horitzontals; possessi\u00f3, transmissi\u00f3 i administraci\u00f3 de b\u00e9ns mobles; reclamacions de quantitats, procediments d\u2019execuci\u00f3 de t\u00edtols judicials i no judicials; garanties personals i reals; procediments matrimonials, incapacitacions, divisi\u00f3 de patrimonis i drets successoris.\t\t<\/p>\n\n\t\t\n\t\t<\/div>\n\t\t\n<\/div><div class=\"norebro-icon-box-sc icon-box box-left\" \n\tid=\"norebro-custom-6a98a5bef070e\" \n\t data-aos=\"fade-up\" \n\t>\n\n\t<div class=\"icon-wrap\">\n\t\t\t\t\t<span class=\"fa fa-gavel\"><\/span>\n\t\t\t<\/div>\n\n\t<div class=\"content-wrap\">\n\n\t\t<div class=\"content-center\">\n\t\t\t<div class=\"wrap\">\n\t\t\t\t<h3>Contenci\u00f3s administratiu<\/h3>\n\t\t\t\t\t\t\t<\/div>\n\t\t<\/div>\n\t\t\n\t\t\n\t\t<p class=\"description\">\n\t\t\tdret administratiu, recursos contenciosos i responsabilitat de l\u2019administraci\u00f3.\t\t<\/p>\n\n\t\t\n\t\t<\/div>\n\t\t\n<\/div>[\/vc_column][\/vc_row][vc_row full_width=&#8221;stretch_row&#8221; equal_height=&#8221;yes&#8221; css=&#8221;.vc_custom_1731063189446{padding-top: 7% !important;padding-bottom: 7% !important;background-color: #7d2027 !important;}&#8221; side_background_title_typo=&#8221;font_size~80||letter_spacing~-1||weight~600&#8243; side_background_title_color=&#8221;#ebeff4&#8243;][vc_column css_animation=&#8221;fadeIn&#8221; width=&#8221;1\/2&#8243; css=&#8221;.vc_custom_1731063172979{padding-top: 30px !important;padding-right: 60px !important;}&#8221; el_id=&#8221;successions&#8221;]<div class=\"norebro-heading-sc heading text-left\"\n\tid=\"norebro-custom-6a98a5bef0770\" \n\t \n\t>\n\t\n\t\t\t<p class=\"subtitle\">\n\t\t\t\t\t<\/p>\n\t\n\t\n\t<h3 class=\"title subtitle-top\">\n\t\tSuccessions\t<\/h3>\n\n\t\n\t\t\n<\/div>[vc_empty_space height=&#8221;30px&#8221;]<div class=\"norebro-text-sc \" \n\tid=\"norebro-custom-6a98a5bef08f2\" \n\t \n\t>\n\n\t<p class=\"p1\" style=\"text-align: justify;\"><span class=\"s1\" style=\"color: #ffffff;\">Comptem amb professionals que l\u2019orientaran i l\u2019assessoraran en la redacci\u00f3 del testament i la repercussi\u00f3 fiscal i patrimonial del repartiment de b\u00e9ns. De la mateixa manera, el nostre equip d\u2019advocats l\u2019ajudar\u00e0 a resoldre qualsevol dubte que tingui respecte a qualsevol mat\u00e8ria relacionada amb una successi\u00f3 o reclamaci\u00f3 de l\u2019her\u00e8ncia, aix\u00ed com oferir-li l\u2019assessorament necessari per a<span class=\"Apple-converted-space\">\u00a0 <\/span>planificar de forma eficient del dest\u00ed dels seus b\u00e9ns.<\/span><\/p>\n<p class=\"p1\" style=\"text-align: justify;\"><span class=\"s1\" style=\"color: #ffffff;\">Els nostres serveis comprenen:<\/span><\/p>\n<ul>\n<li class=\"p1\" style=\"text-align: justify;\"><span class=\"s1\" style=\"color: #ffffff;\">Assessorament i tramitaci\u00f3 de l\u2019her\u00e8ncia en qualsevol de les seves fases<\/span><\/li>\n<li class=\"p1\" style=\"text-align: justify;\"><span class=\"s1\" style=\"color: #ffffff;\">Planificaci\u00f3 legal i fiscal de la successi\u00f3 testament\u00e0ria<\/span><\/li>\n<li class=\"p1\" style=\"text-align: justify;\"><span class=\"s1\" style=\"color: #ffffff;\">Acceptacions i manifestacions d\u2019her\u00e8ncia<\/span><\/li>\n<li class=\"p1\" style=\"text-align: justify;\"><span class=\"s1\" style=\"color: #ffffff;\">Reclamacions de leg\u00edtimes i llegats<\/span><\/li>\n<li class=\"p1\" style=\"text-align: justify;\"><span class=\"s1\" style=\"color: #ffffff;\">Impugnaci\u00f3 de testaments<\/span><\/li>\n<li class=\"p1\" style=\"text-align: justify;\"><span class=\"s1\" style=\"color: #ffffff;\">Declaracions d\u2019hereus<\/span><\/li>\n<li class=\"p1\" style=\"text-align: justify;\"><span class=\"s1\" style=\"color: #ffffff;\">Redacci\u00f3 de testaments<\/span><\/li>\n<li class=\"p1\" style=\"text-align: justify;\"><span class=\"s1\" style=\"color: #ffffff;\">Partici\u00f3 d\u2019her\u00e8ncies <\/span><\/li>\n<li class=\"p1\" style=\"text-align: justify;\"><span class=\"s1\" style=\"color: #ffffff;\">Liquidaci\u00f3 d\u2019impostos de successions i donacions<\/span><\/li>\n<li class=\"p1\" style=\"text-align: justify;\"><span class=\"s1\" style=\"color: #ffffff;\">Planificaci\u00f3 successi\u00f3 de l\u2019empresa familiar<\/span><\/li>\n<li class=\"p1\" style=\"text-align: justify;\"><span class=\"s1\" style=\"color: #ffffff;\">Donacions familiars i extra familiars <\/span><\/li>\n<\/ul>\n\t\n<\/div>[vc_empty_space height=&#8221;30px&#8221;][\/vc_column][vc_column css_animation=&#8221;fadeIn&#8221; width=&#8221;1\/2&#8243; el_id=&#8221;fiscal&#8221; css=&#8221;.vc_custom_1731063177355{padding-top: 30px !important;}&#8221;]<div class=\"norebro-heading-sc heading text-left\"\n\tid=\"norebro-custom-6a98a5bef094d\" \n\t \n\t>\n\t\n\t\t\t<p class=\"subtitle\">\n\t\t\t\t\t<\/p>\n\t\n\t\n\t<h3 class=\"title subtitle-top\">\n\t\tFiscal\t<\/h3>\n\n\t\n\t\t\n<\/div>[vc_empty_space height=&#8221;30px&#8221;]<div class=\"norebro-text-sc \" \n\tid=\"norebro-custom-6a98a5bef0a5c\" \n\t \n\t>\n\n\t<p class=\"p1\" style=\"text-align: justify;\"><span class=\"s1\" style=\"color: #ffffff;\">Assessorem mitjan\u00e7ant un servei de consulta permanent a totes aquelles persones f\u00edsiques i jur\u00eddiques en relaci\u00f3 a qualsevol tipus de q\u00fcestions fiscals:<\/span><\/p>\n<ul class=\"ul1\" style=\"text-align: justify;\">\n<li class=\"li1\"><span class=\"s1\" style=\"color: #ffffff;\">Planificaci\u00f3 fiscal patrimonial i planificaci\u00f3 de successions<\/span><\/li>\n<li class=\"li1\"><span class=\"s1\" style=\"color: #ffffff;\">Estructuraci\u00f3 i successi\u00f3 de les empreses familiars<\/span><\/li>\n<li class=\"li1\"><span class=\"s1\" style=\"color: #ffffff;\">Regulaci\u00f3 fiscal<\/span><\/li>\n<li class=\"li1\"><span class=\"s1\" style=\"color: #ffffff;\">Assessorament de tot tipus d\u2019empreses de diferents sectors amb especial atenci\u00f3 a la seva fiscalitat particular<\/span><\/li>\n<li class=\"li1\"><span class=\"s1\" style=\"color: #ffffff;\">Direcci\u00f3 lletrada en procediments administratius i contenciosos tributaris<\/span><\/li>\n<li class=\"li1\"><span class=\"s1\" style=\"color: #ffffff;\">Reestructuraci\u00f3 societ\u00e0ria <\/span><\/li>\n<\/ul>\n<p class=\"p1\" style=\"text-align: justify;\"><span class=\"s1\" style=\"color: #ffffff;\">Amb tot, l\u2019\u00e0rea de dret tributari compta amb l\u2019experi\u00e8ncia necess\u00e0ria per intervenir en l\u2019assessorament en el procediment tributari, ja sigui en procediments d\u2019inspecci\u00f3 i comprovaci\u00f3 de l\u2019Administraci\u00f3 Tribut\u00e0ria, procediments davant d\u2019\u00f2rgans recaptatoris, derivacions de responsabilitat, embargs, etc\u00e8tera. <\/span><\/p>\n\t\n<\/div>[\/vc_column][\/vc_row][vc_row full_width=&#8221;stretch_row_content&#8221; css=&#8221;.vc_custom_1571735739159{background-color: #ffffff !important;}&#8221; side_background_title_typo=&#8221;weight~inherit&#8221;][vc_column parallax=&#8221;content-moving&#8221; parallax_image=&#8221;5656824&#8243; css=&#8221;.vc_custom_1575465015742{padding-top: 20% !important;padding-right: 10% !important;padding-bottom: 20% !important;padding-left: 10% !important;}&#8221;][\/vc_column][\/vc_row][vc_row full_width=&#8221;stretch_row&#8221; equal_height=&#8221;yes&#8221; content_placement=&#8221;top&#8221; css=&#8221;.vc_custom_1575465090125{padding-top: 5% !important;padding-bottom: 5% !important;background-color: #ffffff !important;}&#8221; el_class=&#8221;padding-reset-left padding-reset-right&#8221;][vc_column css_animation=&#8221;fadeIn&#8221; width=&#8221;1\/2&#8243; css=&#8221;.vc_custom_1575465175443{padding-top: 0px !important;padding-bottom: 0px !important;}&#8221; el_class=&#8221;creative-info nor-top-layer&#8221;][vc_row_inner][vc_column_inner css=&#8221;.vc_custom_1731063264419{padding-top: 10% !important;padding-right: 5% !important;padding-bottom: 2% !important;}&#8221; el_id=&#8221;comptable&#8221;]<div class=\"norebro-heading-sc heading text-left\"\n\tid=\"norebro-custom-6a98a5bef0ab3\" \n\t \n\t>\n\t\n\t\n\t\n\t<h3 class=\"title\">\n\t\tComptable\t<\/h3>\n\n\t\n\t\t\n<\/div><div class=\"norebro-text-sc \" \n\tid=\"norebro-custom-6a98a5bef0b29\" \n\t \n\t>\n\n\t<p class=\"p1\" style=\"text-align: justify;\"><span class=\"s1\">Entre els nostres professionals comptem amb experts comptables que dirigeixen un servei <i>outsourcing <\/i>que inclou l\u2019assessorament i la gesti\u00f3 comptable tant a professionals com a empresaris individuals, societats mercantils i civils que permet als nostres clients l\u2019estalvi de recursos i energia per a centrar-los en el desenvolupament dels seus negocis. <\/span><\/p>\n\t\n<\/div>[\/vc_column_inner][\/vc_row_inner][vc_row_inner][vc_column_inner css=&#8221;.vc_custom_1731063257811{padding-top: 30px !important;padding-right: 5% !important;padding-bottom: 10% !important;}&#8221; el_id=&#8221;laboral&#8221;]<div class=\"norebro-heading-sc heading text-left\"\n\tid=\"norebro-custom-6a98a5bef0b72\" \n\t \n\t>\n\t\n\t\n\t\n\t<h3 class=\"title\">\n\t\tLaboral\t<\/h3>\n\n\t\n\t\t\n<\/div><div class=\"norebro-text-sc \" \n\tid=\"norebro-custom-6a98a5bef0bf1\" \n\t \n\t>\n\n\t<p class=\"p1\" style=\"text-align: justify;\"><span class=\"s1\">Oferim un assessorament jur\u00eddic i econ\u00f2mic de la m\u00e0 d\u2019experts en relacions laborals, recursos humans i en economia de l\u2019empresa.<\/span><\/p>\n<p class=\"p1\" style=\"text-align: justify;\"><span class=\"s1\">Aquesta \u00e0rea compr\u00e8n la contractaci\u00f3 laboral en relacions ordin\u00e0ries i especials, la confecci\u00f3 de les n\u00f2mines, presentaci\u00f3 dels impostos, la tramitaci\u00f3 de la seguretat social, alta i baixa de treballadors; entre altres gestions relacionades. <\/span><\/p>\n\t\n<\/div>[\/vc_column_inner][\/vc_row_inner][\/vc_column][vc_column css_animation=&#8221;fadeIn&#8221; width=&#8221;1\/2&#8243; css=&#8221;.vc_custom_1584636883159{background-image: url(http:\/\/cabedo.com\/wp-content\/uploads\/2019\/10\/Servicios006.jpg?id=5656732) !important;background-position: 0 0 !important;background-repeat: no-repeat !important;}&#8221;][\/vc_column][\/vc_row]\n<\/div>","protected":false},"excerpt":{"rendered":"<p>[vc_row full_width=&#8221;stretch_row_content_no_spaces&#8221;][vc_column][\/vc_column][\/vc_row][vc_row full_width=&#8221;stretch_row&#8221; equal_height=&#8221;yes&#8221; content_placement=&#8221;top&#8221; css=&#8221;.vc_custom_1575456991147{padding-top: 10% !important;padding-bottom: 10% !important;background-color: #ffffff !important;}&#8221; el_class=&#8221;padding-reset-left padding-reset-right&#8221;][vc_column&#8230;<\/p>\n","protected":false},"author":1,"featured_media":0,"parent":0,"menu_order":0,"comment_status":"closed","ping_status":"closed","template":"","meta":{"footnotes":""},"class_list":["post-5656974","page","type-page","status-publish","hentry"],"yoast_head":"<!-- This site is optimized with the Yoast SEO plugin v25.2 - https:\/\/yoast.com\/wordpress\/plugins\/seo\/ -->\n<title>Serveis i \u00e0rees pr\u00e0ctiques - Cabedo<\/title>\n<meta name=\"robots\" content=\"index, follow, max-snippet:-1, max-image-preview:large, max-video-preview:-1\" \/>\n<link rel=\"canonical\" href=\"https:\/\/cabedo.com\/ca\/serveis\/\" \/>\n<meta property=\"og:locale\" content=\"ca_ES\" \/>\n<meta property=\"og:type\" content=\"article\" \/>\n<meta property=\"og:title\" content=\"Serveis i \u00e0rees pr\u00e0ctiques - Cabedo\" \/>\n<meta property=\"og:description\" content=\"[vc_row full_width=&#8221;stretch_row_content_no_spaces&#8221;][vc_column][\/vc_column][\/vc_row][vc_row full_width=&#8221;stretch_row&#8221; equal_height=&#8221;yes&#8221; content_placement=&#8221;top&#8221; css=&#8221;.vc_custom_1575456991147{padding-top: 10% !important;padding-bottom: 10% !important;background-color: #ffffff !important;}&#8221; el_class=&#8221;padding-reset-left padding-reset-right&#8221;][vc_column...\" \/>\n<meta property=\"og:url\" content=\"https:\/\/cabedo.com\/ca\/serveis\/\" \/>\n<meta property=\"og:site_name\" content=\"Cabedo\" \/>\n<meta property=\"article:modified_time\" content=\"2024-11-15T12:39:27+00:00\" \/>\n<meta name=\"twitter:card\" content=\"summary_large_image\" \/>\n<meta name=\"twitter:label1\" content=\"Temps estimat de lectura\" \/>\n\t<meta name=\"twitter:data1\" content=\"13 minuts\" \/>\n<script type=\"application\/ld+json\" class=\"yoast-schema-graph\">{\"@context\":\"https:\/\/schema.org\",\"@graph\":[{\"@type\":\"WebPage\",\"@id\":\"https:\/\/cabedo.com\/ca\/serveis\/\",\"url\":\"https:\/\/cabedo.com\/ca\/serveis\/\",\"name\":\"Serveis i \u00e0rees pr\u00e0ctiques - Cabedo\",\"isPartOf\":{\"@id\":\"https:\/\/cabedo.com\/#website\"},\"datePublished\":\"2017-08-15T13:05:53+00:00\",\"dateModified\":\"2024-11-15T12:39:27+00:00\",\"breadcrumb\":{\"@id\":\"https:\/\/cabedo.com\/ca\/serveis\/#breadcrumb\"},\"inLanguage\":\"ca\",\"potentialAction\":[{\"@type\":\"ReadAction\",\"target\":[\"https:\/\/cabedo.com\/ca\/serveis\/\"]}]},{\"@type\":\"BreadcrumbList\",\"@id\":\"https:\/\/cabedo.com\/ca\/serveis\/#breadcrumb\",\"itemListElement\":[{\"@type\":\"ListItem\",\"position\":1,\"name\":\"Inicio\",\"item\":\"https:\/\/cabedo.com\/ca\/\"},{\"@type\":\"ListItem\",\"position\":2,\"name\":\"Serveis i \u00e0rees pr\u00e0ctiques\"}]},{\"@type\":\"WebSite\",\"@id\":\"https:\/\/cabedo.com\/#website\",\"url\":\"https:\/\/cabedo.com\/\",\"name\":\"Cabedo\",\"description\":\"Abogados, economistas y auditores\",\"publisher\":{\"@id\":\"https:\/\/cabedo.com\/#organization\"},\"potentialAction\":[{\"@type\":\"SearchAction\",\"target\":{\"@type\":\"EntryPoint\",\"urlTemplate\":\"https:\/\/cabedo.com\/?s={search_term_string}\"},\"query-input\":{\"@type\":\"PropertyValueSpecification\",\"valueRequired\":true,\"valueName\":\"search_term_string\"}}],\"inLanguage\":\"ca\"},{\"@type\":\"Organization\",\"@id\":\"https:\/\/cabedo.com\/#organization\",\"name\":\"Cabedo Abogados y Economistas\",\"url\":\"https:\/\/cabedo.com\/\",\"logo\":{\"@type\":\"ImageObject\",\"inLanguage\":\"ca\",\"@id\":\"https:\/\/cabedo.com\/#\/schema\/logo\/image\/\",\"url\":\"https:\/\/cabedo.com\/wp-content\/uploads\/2020\/02\/Cabdeo-icono_Mesa-de-trabajo-1.png\",\"contentUrl\":\"https:\/\/cabedo.com\/wp-content\/uploads\/2020\/02\/Cabdeo-icono_Mesa-de-trabajo-1.png\",\"width\":40,\"height\":39,\"caption\":\"Cabedo Abogados y Economistas\"},\"image\":{\"@id\":\"https:\/\/cabedo.com\/#\/schema\/logo\/image\/\"}}]}<\/script>\n<!-- \/ Yoast SEO plugin. -->","yoast_head_json":{"title":"Serveis i \u00e0rees pr\u00e0ctiques - Cabedo","robots":{"index":"index","follow":"follow","max-snippet":"max-snippet:-1","max-image-preview":"max-image-preview:large","max-video-preview":"max-video-preview:-1"},"canonical":"https:\/\/cabedo.com\/ca\/serveis\/","og_locale":"ca_ES","og_type":"article","og_title":"Serveis i \u00e0rees pr\u00e0ctiques - Cabedo","og_description":"[vc_row full_width=&#8221;stretch_row_content_no_spaces&#8221;][vc_column][\/vc_column][\/vc_row][vc_row full_width=&#8221;stretch_row&#8221; equal_height=&#8221;yes&#8221; content_placement=&#8221;top&#8221; css=&#8221;.vc_custom_1575456991147{padding-top: 10% !important;padding-bottom: 10% !important;background-color: #ffffff !important;}&#8221; el_class=&#8221;padding-reset-left padding-reset-right&#8221;][vc_column...","og_url":"https:\/\/cabedo.com\/ca\/serveis\/","og_site_name":"Cabedo","article_modified_time":"2024-11-15T12:39:27+00:00","twitter_card":"summary_large_image","twitter_misc":{"Temps estimat de lectura":"13 minuts"},"schema":{"@context":"https:\/\/schema.org","@graph":[{"@type":"WebPage","@id":"https:\/\/cabedo.com\/ca\/serveis\/","url":"https:\/\/cabedo.com\/ca\/serveis\/","name":"Serveis i \u00e0rees pr\u00e0ctiques - Cabedo","isPartOf":{"@id":"https:\/\/cabedo.com\/#website"},"datePublished":"2017-08-15T13:05:53+00:00","dateModified":"2024-11-15T12:39:27+00:00","breadcrumb":{"@id":"https:\/\/cabedo.com\/ca\/serveis\/#breadcrumb"},"inLanguage":"ca","potentialAction":[{"@type":"ReadAction","target":["https:\/\/cabedo.com\/ca\/serveis\/"]}]},{"@type":"BreadcrumbList","@id":"https:\/\/cabedo.com\/ca\/serveis\/#breadcrumb","itemListElement":[{"@type":"ListItem","position":1,"name":"Inicio","item":"https:\/\/cabedo.com\/ca\/"},{"@type":"ListItem","position":2,"name":"Serveis i \u00e0rees pr\u00e0ctiques"}]},{"@type":"WebSite","@id":"https:\/\/cabedo.com\/#website","url":"https:\/\/cabedo.com\/","name":"Cabedo","description":"Abogados, economistas y auditores","publisher":{"@id":"https:\/\/cabedo.com\/#organization"},"potentialAction":[{"@type":"SearchAction","target":{"@type":"EntryPoint","urlTemplate":"https:\/\/cabedo.com\/?s={search_term_string}"},"query-input":{"@type":"PropertyValueSpecification","valueRequired":true,"valueName":"search_term_string"}}],"inLanguage":"ca"},{"@type":"Organization","@id":"https:\/\/cabedo.com\/#organization","name":"Cabedo Abogados y Economistas","url":"https:\/\/cabedo.com\/","logo":{"@type":"ImageObject","inLanguage":"ca","@id":"https:\/\/cabedo.com\/#\/schema\/logo\/image\/","url":"https:\/\/cabedo.com\/wp-content\/uploads\/2020\/02\/Cabdeo-icono_Mesa-de-trabajo-1.png","contentUrl":"https:\/\/cabedo.com\/wp-content\/uploads\/2020\/02\/Cabdeo-icono_Mesa-de-trabajo-1.png","width":40,"height":39,"caption":"Cabedo Abogados y Economistas"},"image":{"@id":"https:\/\/cabedo.com\/#\/schema\/logo\/image\/"}}]}},"_links":{"self":[{"href":"https:\/\/cabedo.com\/ca\/wp-json\/wp\/v2\/pages\/5656974","targetHints":{"allow":["GET"]}}],"collection":[{"href":"https:\/\/cabedo.com\/ca\/wp-json\/wp\/v2\/pages"}],"about":[{"href":"https:\/\/cabedo.com\/ca\/wp-json\/wp\/v2\/types\/page"}],"author":[{"embeddable":true,"href":"https:\/\/cabedo.com\/ca\/wp-json\/wp\/v2\/users\/1"}],"replies":[{"embeddable":true,"href":"https:\/\/cabedo.com\/ca\/wp-json\/wp\/v2\/comments?post=5656974"}],"version-history":[{"count":69,"href":"https:\/\/cabedo.com\/ca\/wp-json\/wp\/v2\/pages\/5656974\/revisions"}],"predecessor-version":[{"id":5659123,"href":"https:\/\/cabedo.com\/ca\/wp-json\/wp\/v2\/pages\/5656974\/revisions\/5659123"}],"wp:attachment":[{"href":"https:\/\/cabedo.com\/ca\/wp-json\/wp\/v2\/media?parent=5656974"}],"curies":[{"name":"wp","href":"https:\/\/api.w.org\/{rel}","templated":true}]}}